{"id":1730,"date":"2019-10-05T14:29:02","date_gmt":"2019-10-05T12:29:02","guid":{"rendered":"https:\/\/www.rex.es\/politica-de-privacidad\/"},"modified":"2020-09-25T23:00:01","modified_gmt":"2020-09-25T21:00:01","slug":"privacy-policy","status":"publish","type":"page","link":"https:\/\/www.rex.es\/en\/privacy-policy\/","title":{"rendered":"Privacy policy"},"content":{"rendered":"<p>[et_pb_section fb_built=&#8221;1&#8243; fullwidth=&#8221;on&#8221; admin_label=&#8221;Page Header&#8221; module_id=&#8221;contacto-header&#8221; _builder_version=&#8221;4.0.5&#8243; background_image=&#8221;https:\/\/www.rex.es\/wp-content\/uploads\/2019\/11\/OFICINAS.jpg&#8221; parallax=&#8221;on&#8221; parallax_method=&#8221;off&#8221; animation_style=&#8221;fade&#8221; animation_direction=&#8221;top&#8221;][et_pb_fullwidth_header title=&#8221;Pol\u00edtica de Privacidad&#8221; text_orientation=&#8221;center&#8221; admin_label=&#8221;Hero Section&#8221; _builder_version=&#8221;4.0.5&#8243; title_font=&#8221;Montserrat|on|||&#8221; title_font_size=&#8221;60px&#8221; title_line_height=&#8221;1.4em&#8221; content_font_size=&#8221;22px&#8221; content_line_height=&#8221;1.8em&#8221; subhead_font=&#8221;||||&#8221; background_color=&#8221;rgba(255,255,255,0)&#8221; use_background_color_gradient=&#8221;on&#8221; background_color_gradient_start=&#8221;rgba(0,0,0,0.7)&#8221; background_color_gradient_end=&#8221;rgba(0,0,0,0.5)&#8221; custom_button_one=&#8221;on&#8221; button_one_text_size=&#8221;16px&#8221; button_one_bg_color=&#8221;#6eba01&#8243; button_one_border_width=&#8221;2px&#8221; button_one_border_color=&#8221;#6eba01&#8243; button_one_border_radius=&#8221;0&#8243; button_one_letter_spacing=&#8221;2&#8243; button_one_font=&#8221;Montserrat|||on|&#8221; button_one_use_icon=&#8221;off&#8221; custom_button_two=&#8221;on&#8221; button_two_text_size=&#8221;16px&#8221; button_two_border_width=&#8221;2px&#8221; button_two_border_color=&#8221;#ffffff&#8221; button_two_border_radius=&#8221;0&#8243; button_two_letter_spacing=&#8221;2&#8243; button_two_font=&#8221;Montserrat|||on|&#8221; button_two_use_icon=&#8221;off&#8221; module_alignment=&#8221;left&#8221; title_font_size_tablet=&#8221;&#8221; title_font_size_phone=&#8221;48px&#8221; title_font_size_last_edited=&#8221;on|phone&#8221; button_one_text_color_hover=&#8221;#6eba01&#8243; button_two_text_color_hover=&#8221;#6eba01&#8243; button_one_border_color_hover=&#8221;#ffffff&#8221; button_two_border_color_hover=&#8221;#ffffff&#8221; button_one_border_radius_hover=&#8221;0&#8243; button_two_border_radius_hover=&#8221;0&#8243; button_one_letter_spacing_hover=&#8221;2&#8243; button_two_letter_spacing_hover=&#8221;2&#8243; button_one_bg_color_hover=&#8221;#ffffff&#8221; button_two_bg_color_hover=&#8221;#ffffff&#8221; button_one_text_size__hover_enabled=&#8221;off&#8221; button_two_text_size__hover_enabled=&#8221;off&#8221; button_one_text_color__hover_enabled=&#8221;on&#8221; button_one_text_color__hover=&#8221;#6eba01&#8243; button_two_text_color__hover_enabled=&#8221;on&#8221; button_two_text_color__hover=&#8221;#6eba01&#8243; button_one_border_width__hover_enabled=&#8221;off&#8221; button_two_border_width__hover_enabled=&#8221;off&#8221; button_one_border_color__hover_enabled=&#8221;on&#8221; button_one_border_color__hover=&#8221;#ffffff&#8221; button_two_border_color__hover_enabled=&#8221;on&#8221; button_two_border_color__hover=&#8221;#ffffff&#8221; button_one_border_radius__hover_enabled=&#8221;on&#8221; button_one_border_radius__hover=&#8221;0&#8243; button_two_border_radius__hover_enabled=&#8221;on&#8221; button_two_border_radius__hover=&#8221;0&#8243; button_one_letter_spacing__hover_enabled=&#8221;on&#8221; button_one_letter_spacing__hover=&#8221;2&#8243; button_two_letter_spacing__hover_enabled=&#8221;on&#8221; button_two_letter_spacing__hover=&#8221;2&#8243; button_one_bg_color__hover_enabled=&#8221;on&#8221; button_one_bg_color__hover=&#8221;#ffffff&#8221; button_two_bg_color__hover_enabled=&#8221;on&#8221; button_two_bg_color__hover=&#8221;#ffffff&#8221;][\/et_pb_fullwidth_header][\/et_pb_section][et_pb_section fb_built=&#8221;1&#8243; _builder_version=&#8221;3.22&#8243;][et_pb_row _builder_version=&#8221;3.25&#8243; background_size=&#8221;initial&#8221; background_position=&#8221;top_left&#8221; background_repeat=&#8221;repeat&#8221;][et_pb_column type=&#8221;4_4&#8243; _builder_version=&#8221;3.25&#8243; custom_padding=&#8221;|||&#8221; custom_padding__hover=&#8221;|||&#8221;][et_pb_text _builder_version=&#8221;4.0.5&#8243; background_size=&#8221;initial&#8221; background_position=&#8221;top_left&#8221; background_repeat=&#8221;repeat&#8221;]<\/p>\n<div class=\"resumen\">\n<p>Rafael Casta\u00f1er, S.L. (en adelante podr\u00e1 referirse como La Empresa), est\u00e1 especialmente sensibilizado en la protecci\u00f3n de datos de car\u00e1cter personal de los Usuarios del sitio Web.<\/p>\n<p>Mediante la presente Pol\u00edtica de Privacidad (en adelante, la Pol\u00edtica) La Empresa informa a los usuarios de www.rex.es, de los usos a los que se someten los datos de car\u00e1cter personal que se recaban en dicho sitio, con el fin de que decidan, libre y voluntariamente, si desean facilitar la informaci\u00f3n solicitada.<\/p>\n<p>La Empresa, se reserva la facultad de modificar esta Pol\u00edtica con el objeto de adaptarla a novedades legislativas, criterios jurisprudenciales, pr\u00e1cticas del sector, o intereses de la entidad. Cualquier modificaci\u00f3n en la misma ser\u00e1 anunciada con la debida antelaci\u00f3n, a fin de que tenga perfecto conocimiento de su contenido.<\/p>\n<p><b>\u00a0<\/b><\/p>\n<h3><strong>Responsable<\/strong><\/h3>\n<p>El responsable del tratamiento de los datos de car\u00e1cter personal es: Rafel Casta\u00f1er, S.L.<br \/>Domicilio comercial: C\/Alicante, 52. 03801 Alcoy (Espa\u00f1a)<br \/>Tel\u00e9fono: 96 554 07 11<br \/>Correo Electr\u00f3nico:\u00a0www.rex.es<\/p>\n<p>&nbsp;<\/p>\n<h3><strong>Finalidad del tratamiento<\/strong><\/h3>\n<p>Los datos de car\u00e1cter personal de los colegiados son objeto de tratamiento por parte de Rafael Casta\u00f1er, S.L.<\/p>\n<p>La finalidad de la recogida de estos datos consiste en:<\/p>\n<ol>\n<li>Gesti\u00f3n de Clientes y Proveedores de Rafael Casta\u00f1er, S.L.<\/li>\n<li>Realizar estad\u00edsticas y estudios de mercado.<\/li>\n<li>Env\u00edo de comunicaciones comerciales.<\/li>\n<\/ol>\n<p><b>\u00a0<\/b><\/p>\n<h3><b>Plazo de conservaci\u00f3n<\/b><\/h3>\n<p>Los datos personales proporcionados se conservar\u00e1n durante el plazo correspondiente para cumplir con las obligaciones legales, o se solicite su supresi\u00f3n por el interesado y este est\u00e9 legitimado para ello.<\/p>\n<p><b>\u00a0<\/b><\/p>\n<h3><b>Legitimaci\u00f3n<\/b><\/h3>\n<p>La Empresa, est\u00e1 legitimada al tratamiento de datos personales, en base al consentimiento otorgado por el interesado para uno o varios fines espec\u00edficos, tal y como recoge el art\u00edculo 6.1. a) del Reglamento General de Protecci\u00f3n de datos personales.<\/p>\n<p>El presente sitio web puede incluir hiperv\u00ednculos (links) que permiten al visitante trasladarse a otras p\u00e1ginas. La Empresa no asume responsabilidad alguna en cuanto a la pol\u00edtica de protecci\u00f3n de datos que pudiera haberse adoptado en los mismos.<\/p>\n<p>&nbsp;<\/p>\n<h3><b>Destinatarios<\/b><\/h3>\n<p>La Empresa no cede a terceras entidades sus datos en general, salvo en los casos en que \u00e9sta sea necesaria para la organizaci\u00f3n de determinadas actividades, o la prestaci\u00f3n de servicios. En todo caso, las cesiones previstas son regularizadas mediante la suscripci\u00f3n de contratos, no pudiendo la entidad cesionaria emplear la informaci\u00f3n cedida para otros fines que los establecidos por La Empresa.<\/p>\n<p><b>\u00a0<\/b><\/p>\n<h3><b>Derechos de los usuarios<\/b><\/h3>\n<p>El interesado de los datos personales, en todo caso podr\u00e1 ejercitar los derechos que le asisten, de acuerdo con el RGPD, y que son:<\/p>\n<ul>\n<li>Derecho a solicitar el acceso a los datos personales relativos al interesado.<\/li>\n<li>Derecho a solicitar su rectificaci\u00f3n o supresi\u00f3n (derecho al olvido).<\/li>\n<li>Derecho a solicitar la limitaci\u00f3n de su tratamiento.<\/li>\n<li>Derecho a oponerse al tratamiento.<\/li>\n<li>Derecho a la portabilidad de los datos.<\/li>\n<\/ul>\n<p>El interesado podr\u00e1 ejercitar tales derechos mediante solicitud acompa\u00f1ada de una fotocopia de su D.N.I, y en la que especificar\u00e1 cu\u00e1l de \u00e9stos solicita sea satisfecho, remitida a la direcci\u00f3n indicada m\u00e1s arriba.<\/p>\n<p>&nbsp;<\/p>\n<h3><b>Medidas de seguridad<\/b><\/h3>\n<p>El responsable del tratamiento (Rafael Casta\u00f1er, S.L.) aplicar\u00e1 medidas t\u00e9cnicas y organizativas apropiadas para garantizar un nivel de seguridad adecuado al riesgo de este.<\/p>\n<p><b>\u00a0<\/b><\/p>\n<h3><b>Cambio de normativa<\/b><\/h3>\n<p>La Empresa se reserva el derecho de modificar la presente pol\u00edtica con el objeto de adaptarla a las novedades legislativas o jurisprudenciales, as\u00ed como las que pudieran derivarse de c\u00f3digos tipo existentes en la materia o por motivos corporativos.<\/p>\n<p>Tales cambios ser\u00e1n comunicados con la antelaci\u00f3n que fuera necesaria en nuestra p\u00e1gina Web, sin perjuicio de reclamar el consentimiento necesario de los afectados cuando \u00e9ste no se considerase otorgado con arreglo a los t\u00e9rminos de la presente pol\u00edtica.<\/p>\n<p>Cualquier duda, preguntas o comentarios que pudiera albergar con referencia a la presente normativa, puede consultarla dirigiendo su comunicaci\u00f3n al respecto a rex@rex.es<\/p>\n<p>\u00a9 2019 Rafael Casta\u00f1er S.L.<\/p>\n<p>&nbsp;<\/p>\n<\/div>\n<p>[\/et_pb_text][\/et_pb_column][\/et_pb_row][\/et_pb_section]<\/p>\n","protected":false},"excerpt":{"rendered":"<p>Rafael Casta\u00f1er, S.L. (en adelante podr\u00e1 referirse como La Empresa), est\u00e1 especialmente sensibilizado en la protecci\u00f3n de datos de car\u00e1cter personal de los Usuarios del sitio Web. Mediante la presente Pol\u00edtica de Privacidad (en adelante, la Pol\u00edtica) La Empresa informa a los usuarios de www.rex.es, de los usos a los que se someten los datos [&hellip;]<\/p>\n","protected":false},"author":1,"featured_media":0,"parent":0,"menu_order":0,"comment_status":"closed","ping_status":"closed","template":"","meta":{"_acf_changed":false,"_et_pb_use_builder":"on","_et_pb_old_content":"<h1 style=\"text-align: left;\" align=\"center\"><b>POLITICA DE PRIVACIDAD<\/b><\/h1><div class=\"resumen\"><h3><b>POL\u00cdTICA DE PRIVACIDAD<\/b><\/h3><p>Rafael Casta\u00f1er, S.L. (en adelante podr\u00e1 referirse como La Empresa), est\u00e1 especialmente sensibilizado en la protecci\u00f3n de datos de car\u00e1cter personal de los Usuarios del sitio Web.<\/p><p>Mediante la presente Pol\u00edtica de Privacidad (en adelante, la Pol\u00edtica) La Empresa informa a los usuarios de www.rex.es, de los usos a los que se someten los datos de car\u00e1cter personal que se recaban en dicho sitio, con el fin de que decidan, libre y voluntariamente, si desean facilitar la informaci\u00f3n solicitada.<\/p><p>La Empresa, se reserva la facultad de modificar esta Pol\u00edtica con el objeto de adaptarla a novedades legislativas, criterios jurisprudenciales, pr\u00e1cticas del sector, o intereses de la entidad. Cualquier modificaci\u00f3n en la misma ser\u00e1 anunciada con la debida antelaci\u00f3n, a fin de que tenga perfecto conocimiento de su contenido.<\/p><p><b>\u00a0<\/b><\/p><h3><b>RESPONSABLE<\/b><\/h3><p>El responsable del tratamiento de los datos de car\u00e1cter personal es: Rafel Casta\u00f1er, S.L.<br \/>Domicilio comercial: C\/Alicante, 52. 03801 Alcoy (Espa\u00f1a)<br \/>Tel\u00e9fono: 96 554 07 11<br \/>Correo Electr\u00f3nico:\u00a0www.rex.es<\/p><p>\u00a0<\/p><h3><b>FINALIDAD DEL TRATAMIENTO<\/b><\/h3><p>Los datos de car\u00e1cter personal de los colegiados son objeto de tratamiento por parte de Rafael Casta\u00f1er, S.L.<\/p><p>La finalidad de la recogida de estos datos consiste en:<\/p><ol><li>Gesti\u00f3n de Clientes y Proveedores de Rafael Casta\u00f1er, S.L.<\/li><li>Realizar estad\u00edsticas y estudios de mercado.<\/li><li>Env\u00edo de comunicaciones comerciales.<\/li><\/ol><p><b>\u00a0<\/b><\/p><h3><b>PLAZO DE CONSERVACI\u00d3N<\/b><\/h3><p>Los datos personales proporcionados se conservar\u00e1n durante el plazo correspondiente para cumplir con las obligaciones legales, o se solicite su supresi\u00f3n por el interesado y este est\u00e9 legitimado para ello.<\/p><p><b>\u00a0<\/b><\/p><h3><b>LEGITIMACI\u00d3N<\/b><\/h3><p>La Empresa, est\u00e1 legitimada al tratamiento de datos personales, en base al consentimiento otorgado por el interesado para uno o varios fines espec\u00edficos, tal y como recoge el art\u00edculo 6.1. a) del Reglamento General de Protecci\u00f3n de datos personales.<\/p><p>El presente sitio web puede incluir hiperv\u00ednculos (links) que permiten al visitante trasladarse a otras p\u00e1ginas. La Empresa no asume responsabilidad alguna en cuanto a la pol\u00edtica de protecci\u00f3n de datos que pudiera haberse adoptado en los mismos.<\/p><p>\u00a0<\/p><h3><b>DESTINATARIOS<\/b><\/h3><p>La Empresa no cede a terceras entidades sus datos en general, salvo en los casos en que \u00e9sta sea necesaria para la organizaci\u00f3n de determinadas actividades, o la prestaci\u00f3n de servicios. En todo caso, las cesiones previstas son regularizadas mediante la suscripci\u00f3n de contratos, no pudiendo la entidad cesionaria emplear la informaci\u00f3n cedida para otros fines que los establecidos por La Empresa.<\/p><p><b>\u00a0<\/b><\/p><h3><b>DERECHOS DE LOS USUARIOS<\/b><\/h3><p>El interesado de los datos personales, en todo caso podr\u00e1 ejercitar los derechos que le asisten, de acuerdo con el RGPD, y que son:<\/p><ul><li>Derecho a solicitar el acceso a los datos personales relativos al interesado.<\/li><li>Derecho a solicitar su rectificaci\u00f3n o supresi\u00f3n (derecho al olvido).<\/li><li>Derecho a solicitar la limitaci\u00f3n de su tratamiento.<\/li><li>Derecho a oponerse al tratamiento.<\/li><li>Derecho a la portabilidad de los datos.<\/li><\/ul><p>El interesado podr\u00e1 ejercitar tales derechos mediante solicitud acompa\u00f1ada de una fotocopia de su D.N.I, y en la que especificar\u00e1 cu\u00e1l de \u00e9stos solicita sea satisfecho, remitida a la direcci\u00f3n indicada m\u00e1s arriba.<\/p><p>\u00a0<\/p><h3><b>MEDIDAS DE SEGURIDAD<\/b><\/h3><p>El responsable del tratamiento (Rafael Casta\u00f1er, S.L.) aplicar\u00e1 medidas t\u00e9cnicas y organizativas apropiadas para garantizar un nivel de seguridad adecuado al riesgo de este.<\/p><p><b>\u00a0<\/b><\/p><h3><b>CAMBIO DE NORMATIVA<\/b><\/h3><p>La Empresa se reserva el derecho de modificar la presente pol\u00edtica con el objeto de adaptarla a las novedades legislativas o jurisprudenciales, as\u00ed como las que pudieran derivarse de c\u00f3digos tipo existentes en la materia o por motivos corporativos.<\/p><p>Tales cambios ser\u00e1n comunicados con la antelaci\u00f3n que fuera necesaria en nuestra p\u00e1gina Web, sin perjuicio de reclamar el consentimiento necesario de los afectados cuando \u00e9ste no se considerase otorgado con arreglo a los t\u00e9rminos de la presente pol\u00edtica.<\/p><p>Cualquier duda, preguntas o comentarios que pudiera albergar con referencia a la presente normativa, puede consultarla dirigiendo su comunicaci\u00f3n al respecto a rex@rex.es\u00a0\u00a0\u00a0\u00a0\u00a0\u00a0\u00a0\u00a0\u00a0\u00a0\u00a0\u00a0<\/p><p>\u00a9 2019 Rafael Casta\u00f1er S.L.<\/p><p>\u00a0<\/p><\/div>","_et_gb_content_width":"","inline_featured_image":false,"footnotes":""},"class_list":["post-1730","page","type-page","status-publish","hentry"],"acf":[],"_links":{"self":[{"href":"https:\/\/www.rex.es\/en\/wp-json\/wp\/v2\/pages\/1730","targetHints":{"allow":["GET"]}}],"collection":[{"href":"https:\/\/www.rex.es\/en\/wp-json\/wp\/v2\/pages"}],"about":[{"href":"https:\/\/www.rex.es\/en\/wp-json\/wp\/v2\/types\/page"}],"author":[{"embeddable":true,"href":"https:\/\/www.rex.es\/en\/wp-json\/wp\/v2\/users\/1"}],"replies":[{"embeddable":true,"href":"https:\/\/www.rex.es\/en\/wp-json\/wp\/v2\/comments?post=1730"}],"version-history":[{"count":2,"href":"https:\/\/www.rex.es\/en\/wp-json\/wp\/v2\/pages\/1730\/revisions"}],"predecessor-version":[{"id":2055,"href":"https:\/\/www.rex.es\/en\/wp-json\/wp\/v2\/pages\/1730\/revisions\/2055"}],"wp:attachment":[{"href":"https:\/\/www.rex.es\/en\/wp-json\/wp\/v2\/media?parent=1730"}],"curies":[{"name":"wp","href":"https:\/\/api.w.org\/{rel}","templated":true}]}}